{"id":6885,"date":"2023-10-17T18:16:32","date_gmt":"2023-10-17T21:16:32","guid":{"rendered":"https:\/\/glaciarturismo.com\/wp\/excursiones\/el-chalten-full-day\/"},"modified":"2026-03-19T18:09:31","modified_gmt":"2026-03-19T21:09:31","slug":"el-chalten-full-day","status":"publish","type":"portfolio","link":"https:\/\/glaciarturismo.com\/es\/excursiones\/el-chalten-full-day\/","title":{"rendered":"El Chalt\u00e9n Full Day"},"content":{"rendered":"<div class=\"wpb-content-wrapper\"><p>[vc_row wrap_container=\u00bbyes\u00bb el_class=\u00bbsec-top\u00bb][vc_column][vc_row_inner][vc_column_inner width=\u00bb2\/3&#8243;][vc_custom_heading text=\u00bbExcursi\u00f3n El Chalt\u00e9n Full Day\u00bb font_container=\u00bbtag:h2|text_align:left|color:%2332347f\u00bb use_theme_fonts=\u00bbyes\u00bb font_weight=\u00bb600&#8243; css=\u00bb.vc_custom_1697576731759{margin-bottom: 0px !important;padding-bottom: 10px !important;}\u00bb][vc_column_text css=\u00bb.vc_custom_1722282222453{margin-top: 0px !important;margin-bottom: 20px !important;padding-top: 0px !important;}\u00bb]<img loading=\"lazy\" decoding=\"async\" class=\"alignnone wp-image-6588\" src=\"https:\/\/glaciarturismo.com\/wp-content\/uploads\/2022\/09\/Imagen110.png\" alt=\"\" width=\"33\" height=\"33\" \/>Cancelaci\u00f3n gratuita | <img loading=\"lazy\" decoding=\"async\" class=\"alignnone wp-image-6570\" src=\"https:\/\/glaciarturismo.com\/wp-content\/uploads\/2022\/09\/Imagen9.png\" alt=\"\" width=\"27\" height=\"27\" \/>12hs |<br \/>\n<img loading=\"lazy\" decoding=\"async\" class=\"alignnone wp-image-6512\" src=\"https:\/\/glaciarturismo.com\/wp-content\/uploads\/2022\/09\/Imagen30.png\" alt=\"\" width=\"34\" height=\"34\" \/> Espa\u00f1ol\/Ingl\u00e9s |<br \/>\n<img loading=\"lazy\" decoding=\"async\" class=\"alignnone wp-image-6567\" src=\"https:\/\/glaciarturismo.com\/wp-content\/uploads\/2022\/09\/Imagen8.png\" alt=\"\" width=\"35\" height=\"35\" \/>Comienzo en hotel | <img loading=\"lazy\" decoding=\"async\" class=\"alignnone wp-image-6515\" src=\"https:\/\/glaciarturismo.com\/wp-content\/uploads\/2022\/09\/Imagen49.png\" alt=\"\" width=\"40\" height=\"40\" \/> Vianda[\/vc_column_text][\/vc_column_inner][vc_column_inner width=\u00bb1\/3&#8243;][vc_custom_heading text=\u00bbDesde US$ 104&#8243; font_container=\u00bbtag:h2|text_align:center|color:%2332347f\u00bb use_theme_fonts=\u00bbyes\u00bb font_weight=\u00bb600&#8243; css=\u00bb.vc_custom_1754611913765{margin-bottom: 0px !important;padding-bottom: 10px !important;}\u00bb css_params=\u00bb\u00bb][vc_btn title=\u00bbVer disponibilidad\u00bb shape=\u00bbround\u00bb align=\u00bbcenter\u00bb skin=\u00bbprimary\u00bb link=\u00bburl:%23calendario\u00bb][\/vc_column_inner][\/vc_row_inner][vc_row_inner el_class=\u00bbitemexc\u00bb][vc_column_inner]<div class=\"porto-carousel owl-carousel has-ccols has-ccols-spacing ccols-xl-3 ccols-lg-3 ccols-md-3 ccols-sm-1 ccols-1 stage-margin wpb_custom_6a6a23d7b80956c49b8179ca971a8dbd nav-pos-outside rounded-nav\" data-plugin-options=\"{&quot;themeConfig&quot;:true,&quot;stagePadding&quot;:40,&quot;margin&quot;:10,&quot;autoplay&quot;:&quot;yes&quot;,&quot;mouseDrag&quot;:true,&quot;touchDrag&quot;:true,&quot;autoplayTimeout&quot;:5000,&quot;autoplayHoverPause&quot;:false,&quot;items&quot;:3,&quot;xl&quot;:3,&quot;lg&quot;:3,&quot;md&quot;:3,&quot;sm&quot;:1,&quot;xs&quot;:1,&quot;nav&quot;:&quot;yes&quot;,&quot;dots&quot;:false,&quot;animateIn&quot;:&quot;&quot;,&quot;animateOut&quot;:&quot;&quot;,&quot;loop&quot;:&quot;yes&quot;,&quot;center&quot;:false,&quot;video&quot;:false,&quot;lazyLoad&quot;:false,&quot;fullscreen&quot;:false}\">[vc_single_image image=\u00bb7382&#8243; img_size=\u00bblarge\u00bb onclick=\u00bbimg_link_large\u00bb css=\u00bb\u00bb lightbox=\u00bbyes\u00bb][vc_single_image image=\u00bb7376&#8243; img_size=\u00bblarge\u00bb onclick=\u00bbimg_link_large\u00bb css=\u00bb\u00bb lightbox=\u00bbyes\u00bb][vc_single_image image=\u00bb7243&#8243; img_size=\u00bblarge\u00bb onclick=\u00bbimg_link_large\u00bb css=\u00bb\u00bb lightbox=\u00bbyes\u00bb][vc_single_image image=\u00bb7357&#8243; img_size=\u00bblarge\u00bb onclick=\u00bbimg_link_large\u00bb css=\u00bb\u00bb lightbox=\u00bbyes\u00bb][vc_single_image image=\u00bb7388&#8243; img_size=\u00bblarge\u00bb onclick=\u00bbimg_link_large\u00bb css=\u00bb\u00bb lightbox=\u00bbyes\u00bb][vc_single_image image=\u00bb7334&#8243; img_size=\u00bblarge\u00bb onclick=\u00bbimg_link_large\u00bb css=\u00bb\u00bb lightbox=\u00bbyes\u00bb][vc_single_image image=\u00bb7246&#8243; img_size=\u00bblarge\u00bb onclick=\u00bbimg_link_large\u00bb css=\u00bb\u00bb lightbox=\u00bbyes\u00bb][vc_single_image image=\u00bb7364&#8243; img_size=\u00bblarge\u00bb onclick=\u00bbimg_link_large\u00bb css=\u00bb\u00bb lightbox=\u00bbyes\u00bb][vc_single_image image=\u00bb7295&#8243; img_size=\u00bblarge\u00bb onclick=\u00bbimg_link_large\u00bb css=\u00bb\u00bb lightbox=\u00bbyes\u00bb]<\/div>[\/vc_column_inner][\/vc_row_inner][vc_column_text css=\u00bb\u00bb]<\/p>\n<h3 style=\"text-align: center; line-height: 30px !important;\"><strong><a href=\"https:\/\/glaciarturismo.com\/es\/excursiones\/el-chalten-full-day\/#descrip\">Descripci\u00f3n |\u00a0<\/a><a href=\"https:\/\/glaciarturismo.com\/es\/excursiones\/el-chalten-full-day\/#itinerario\">Itinerario |\u00a0<\/a><a href=\"https:\/\/glaciarturismo.com\/es\/excursiones\/el-chalten-full-day\/#detalles\">Detalles |\u00a0<\/a><a href=\"https:\/\/glaciarturismo.com\/es\/excursiones\/el-chalten-full-day\/#tarifas\">Tarifas |\u00a0<\/a><a href=\"https:\/\/glaciarturismo.com\/es\/excursiones\/el-chalten-full-day\/#tips\">Tips |\u00a0<\/a><a href=\"#\">Mapa |\u00a0<\/a><a href=\"https:\/\/glaciarturismo.com\/es\/excursiones\/el-chalten-full-day\/#pagos\">Pagos | <\/a><a href=\"https:\/\/glaciarturismo.com\/es\/excursiones\/el-chalten-full-day\/#cancelaciones\">Cancelaciones <\/a><\/strong><\/h3>\n<p>[\/vc_column_text][\/vc_column][\/vc_row][vc_row wrap_container=\u00bbyes\u00bb el_class=\u00bbsec-bot detallesexc\u00bb css=\u00bb.vc_custom_1659536709008{padding-top: 30px !important;}\u00bb][vc_column width=\u00bb2\/3&#8243;][vc_column_text css=\u00bb\u00bb el_id=\u00bbdescrip\u00bb]<\/p>\n<p style=\"text-align: center;\"><span style=\"font-size: 16px;\"><strong><span style=\"font-size: 20px;\">El Chalt\u00e9n Full Day<\/span><\/strong><br \/>\n<strong>D<\/strong><\/span><strong>isfrute un d\u00eda eligiendo a su voluntad el itinerario<\/strong><\/p>\n<h3><strong>Descripci\u00f3n<\/strong><\/h3>\n<p>La actividad comienza con la b\u00fasqueda de los pasajeros por los hoteles (1), acompa\u00f1ados por un gu\u00eda biling\u00fce.<br \/>\nSe toma la ruta N\u00b0 11 hasta la intersecci\u00f3n de la ruta nacional N\u00b0 40 (32 Km) en direcci\u00f3n a El Chalt\u00e9n, tomaremos la m\u00edtica ruta 40 bordeando el lago Argentino, cruzaremos el r\u00edo Santa Cruz (aqu\u00ed relataremos las experiencias de Darwin junto a Fitz Roy remontando este r\u00edo hasta muy cerca de all\u00ed), se contin\u00faa hasta el R\u00edo La Leona, donde transitaremos por su ca\u00f1ad\u00f3n hasta llegar luego de 1 hora 15 minutos, al antiguo e hist\u00f3rico hotel de ruta La Leona, donde si el pasajero gusta podr\u00e1 tomar un caf\u00e9 con tortas caseras y disfrutar del peque\u00f1o museo.<\/p>\n<p><span class=\"TextRun SCXW175673258 BCX0\" lang=\"ES-AR\" xml:lang=\"ES-AR\" data-contrast=\"none\"><span class=\"NormalTextRun SCXW175673258 BCX0\">Se contin\u00faa bordeando el <\/span><span class=\"NormalTextRun SCXW175673258 BCX0\">l<\/span><span class=\"NormalTextRun SCXW175673258 BCX0\">ago Viedma, hasta el encuentro de la ruta provincial <\/span><span class=\"SpellingError SCXW175673258 BCX0\">N\u00b0<\/span><span class=\"NormalTextRun SCXW175673258 BCX0\"> 23, teniendo la <\/span><span class=\"NormalTextRun SCXW175673258 BCX0\">c<\/span><span class=\"NormalTextRun SCXW175673258 BCX0\">ordillera de los Andes de fondo, <\/span><span class=\"NormalTextRun SCXW175673258 BCX0\">i<\/span><span class=\"NormalTextRun SCXW175673258 BCX0\">ncluido el Fitz Roy y el Cerro Torre.\u00a0<\/span><\/span><span class=\"EOP SCXW175673258 BCX0\" data-ccp-props=\"{&quot;201341983&quot;:0,&quot;335559737&quot;:5386,&quot;335559739&quot;:0,&quot;335559740&quot;:240}\">\u00a0<\/span><\/p>\n<p><span class=\"TextRun SCXW154948786 BCX0\" lang=\"ES-AR\" xml:lang=\"ES-AR\" data-contrast=\"none\"><span class=\"NormalTextRun SCXW154948786 BCX0\">Antes de llegar al pueblo nos detendremos en el mirador del Glaciar Viedma desde donde se podr\u00e1 apreciar una bell\u00edsima panor\u00e1mica del Glaciar, la <\/span><span class=\"NormalTextRun SCXW154948786 BCX0\">c<\/span><span class=\"NormalTextRun SCXW154948786 BCX0\">ordillera y los emblem\u00e1ticos <\/span><span class=\"NormalTextRun SCXW154948786 BCX0\">c<\/span><span class=\"NormalTextRun SCXW154948786 BCX0\">erro Fitz Roy y <\/span><span class=\"NormalTextRun SCXW154948786 BCX0\">c<\/span><span class=\"NormalTextRun SCXW154948786 BCX0\">erro Torre.<br \/>\n<span class=\"TextRun SCXW244930488 BCX0\" lang=\"ES-AR\" xml:lang=\"ES-AR\" data-contrast=\"none\"><span class=\"NormalTextRun SCXW244930488 BCX0\">Llegando a la villa de monta\u00f1a de El Chalt\u00e9n luego de aproximadamente 3 horas de viaje, habiendo recorrido 220 km.<\/span><\/span><span class=\"EOP SCXW244930488 BCX0\" data-ccp-props=\"{&quot;201341983&quot;:0,&quot;335559737&quot;:5386,&quot;335559739&quot;:0,&quot;335559740&quot;:240}\">\u00a0<\/span><br \/>\n<\/span><\/span><\/p>\n<p><span class=\"TextRun SCXW139181231 BCX0\" lang=\"ES-AR\" xml:lang=\"ES-AR\" data-contrast=\"none\"><span class=\"NormalTextRun SCXW139181231 BCX0\">Una vez en el pueblo, el gu\u00eda entregar\u00e1 a cada pasajero su vianda y posteriormente se le indicar\u00e1 el inicio de los senderos autoguiados que salen del Chalt\u00e9n y conducen a los principales miradores: <\/span><span class=\"NormalTextRun SCXW139181231 BCX0\">l<\/span><span class=\"NormalTextRun SCXW139181231 BCX0\">aguna Capri, <\/span><span class=\"NormalTextRun SCXW139181231 BCX0\">m<\/span><span class=\"NormalTextRun SCXW139181231 BCX0\">irador del Fitz Roy, <\/span><span class=\"NormalTextRun SCXW139181231 BCX0\">m<\/span><span class=\"NormalTextRun SCXW139181231 BCX0\">irador del Cerro Torre, <\/span><span class=\"NormalTextRun SCXW139181231 BCX0\">m<\/span><span class=\"NormalTextRun SCXW139181231 BCX0\">irador de los C\u00f3ndores, <\/span><span class=\"NormalTextRun SCXW139181231 BCX0\">s<\/span><span class=\"NormalTextRun SCXW139181231 BCX0\">alto del Chorrillo, Loma del Pliegue Tumbado (mirador de Laguna y <\/span><span class=\"NormalTextRun SCXW139181231 BCX0\">c<\/span><span class=\"NormalTextRun SCXW139181231 BCX0\">erro Torre) para lo cual se los asesorar\u00e1 sobre las distintas opciones en funci\u00f3n a su estado f\u00edsico.<\/span><\/span><span class=\"EOP SCXW139181231 BCX0\" data-ccp-props=\"{&quot;201341983&quot;:0,&quot;335559737&quot;:5386,&quot;335559739&quot;:0,&quot;335559740&quot;:240}\"><br \/>\n<span class=\"TextRun SCXW32448677 BCX0\" lang=\"ES-AR\" xml:lang=\"ES-AR\" data-contrast=\"none\"><span class=\"NormalTextRun SCXW32448677 BCX0\">Hacia el final de la tarde, al horario convenido, los pasajeros deber\u00e1n regresar al punto de encuentro para el retorno a El Calafate.<\/span><\/span><span class=\"EOP SCXW32448677 BCX0\" data-ccp-props=\"{&quot;201341983&quot;:0,&quot;335559737&quot;:5386,&quot;335559739&quot;:0,&quot;335559740&quot;:240}\">\u00a0<\/span><\/span>[\/vc_column_text][vc_column_text css=\u00bb\u00bb el_id=\u00bbitinerario\u00bb css_params=\u00bb\u00bb]<\/p>\n<h3><strong>Itinerario<\/strong><\/h3>\n<ul>\n<li>07:30 horas: comienzo del recorrido por los hoteles. (*)(1)<\/li>\n<li>09:00 horas: parador La Leona.<\/li>\n<li>11:00 horas: llegada a El Chalt\u00e9n.<br \/>\nCaminatas a elecci\u00f3n.<\/li>\n<li>17.00 horas: salida hacia El Calafate.<\/li>\n<li>20:00 horas: regreso a El Calafate y a los hoteles. (1)<\/li>\n<\/ul>\n<p>(*) seg\u00fan temporada \u2013 horarios:<br \/>\nSalidas diarias, desde el 01\/09 al 30\/04 comienzo del recorrido por los hoteles: 07:30 horas \u2013 regreso a El Calafate 20:00 horas aproximadamente.<br \/>\nSeptiembre, salidas martes, jueves y s\u00e1bados. Comienzo del recorrido: 08:00 horas \u2013 regreso a El Calafate 19:15 horas aproximadamente.<br \/>\nNOTA: Los horarios son aproximados, pudiendo variar seg\u00fan el horario de salida.[\/vc_column_text][vc_column_text css=\u00bb\u00bb el_id=\u00bbdetalles\u00bb css_params=\u00bb\u00bb]<\/p>\n<h3 style=\"text-align: left;\"><strong>Detalles<\/strong><\/h3>\n<p style=\"margin-bottom: 15px; text-align: left;\"><img loading=\"lazy\" decoding=\"async\" class=\"alignnone wp-image-6564\" src=\"https:\/\/glaciarturismo.com\/wp-content\/uploads\/2022\/09\/Imagen7.png\" alt=\"\" width=\"26\" height=\"26\" \/> Nivel de dificultad: baja<span style=\"font-weight: 400;\">-media, seg\u00fan las caminatas a realizar.<\/span><br \/>\n<img loading=\"lazy\" decoding=\"async\" class=\"alignnone wp-image-6561\" src=\"https:\/\/glaciarturismo.com\/wp-content\/uploads\/2022\/09\/Imagen6.png\" alt=\"\" width=\"29\" height=\"29\" \/> La excursi\u00f3n es apta para todas las edades, seg\u00fan el sendero de trekking que se realice.<br \/>\n<img loading=\"lazy\" decoding=\"async\" class=\"alignnone wp-image-6594\" src=\"https:\/\/glaciarturismo.com\/wp-content\/uploads\/2022\/09\/Imagen300.png\" alt=\"\" width=\"26\" height=\"26\" \/> Personas con movilidad reducida no pueden participar, los senderos son de monta\u00f1a.<br \/>\nSin accesibilidad para personas en silla de ruedas.<br \/>\n<img loading=\"lazy\" decoding=\"async\" class=\"alignnone wp-image-6570\" src=\"https:\/\/glaciarturismo.com\/wp-content\/uploads\/2022\/09\/Imagen9.png\" alt=\"\" width=\"26\" height=\"26\" \/> Duraci\u00f3n: 10\/12 horas.<br \/>\n<img loading=\"lazy\" decoding=\"async\" class=\"alignnone wp-image-6591\" src=\"https:\/\/glaciarturismo.com\/wp-content\/uploads\/2022\/09\/Imagen111.png\" alt=\"\" width=\"27\" height=\"27\" \/> Idioma: espa\u00f1ol e ingl\u00e9s.<br \/>\n<img loading=\"lazy\" decoding=\"async\" class=\"alignnone wp-image-6573\" src=\"https:\/\/glaciarturismo.com\/wp-content\/uploads\/2022\/09\/Imagen10.png\" alt=\"\" width=\"26\" height=\"26\" \/> Incluye:<br \/>\n<span style=\"font-weight: 400;\">B\u00fasqueda en el hotel y su regreso (1).<br \/>\n<span style=\"font-size: 15px;\">(1) la b\u00fasqueda se brinda por hoteles, hoster\u00edas, hostels, complejos de caba\u00f1as o aparts con recepci\u00f3n las 24 horas.<\/span><br \/>\n<span style=\"font-size: 15px;\">No se busca pasajeros por departamentos de alquiler diario, o cualquier otro que no tenga recepci\u00f3n, en estos casos se solicita se informe la direcci\u00f3n del alojamiento para ubicar el hotel m\u00e1s cercano.<\/span><br \/>\nTransporte en veh\u00edculos con aire acondicionado y calefacci\u00f3n.<br \/>\nGu\u00eda en espa\u00f1ol e ingl\u00e9s en los traslados.<\/span><br \/>\n<img loading=\"lazy\" decoding=\"async\" class=\"alignnone wp-image-6515\" src=\"https:\/\/glaciarturismo.com\/wp-content\/uploads\/2022\/09\/Imagen49.png\" alt=\"\" width=\"30\" height=\"30\" \/> Vianda con bebida. Opci\u00f3n vegetariana.<br \/>\nLas viandas contienen:<br \/>\n<strong>Vianda Standard:<\/strong> 2 S\u00e1ndwiches de Jam\u00f3n y queso, 1 fruta, 1 dulce, 1 botella de agua.<br \/>\n<strong>Vianda Vegetariana:<\/strong> 2 S\u00e1ndwiches de queso, lechuga y tomate, 1 fruta, 1 dulce, 1 botella de agua.<br \/>\n<strong>Vianda Apto Celiaco (Sin Tacc):<\/strong> 2 S\u00e1ndwiches de Jam\u00f3n y Queso en pan de Harina de ma\u00edz, 1 fruta, 1 botella de agua.<br \/>\n<b>IMPORTANTE: <\/b>solicitar opciones Vegetariana y apto Celiaco con anticipaci\u00f3n.<br \/>\n<img loading=\"lazy\" decoding=\"async\" class=\"alignnone wp-image-6579\" src=\"https:\/\/glaciarturismo.com\/wp-content\/uploads\/2022\/09\/Imagen14ALFIN.png\" alt=\"\" width=\"27\" height=\"27\" \/> No incluye:<br \/>\nAlimentaci\u00f3n extra no menciona.<br \/>\nPropinas.<br \/>\n<span style=\"vertical-align: inherit;\">Entrada al parque nacional Los Glaciares -se abona mediante la\u00a0web de la Administraci\u00f3n de Parques Nacionales. <a href=\"https:\/\/www.argentina.gob.ar\/parquesnacionales\/losglaciares\/tarifas\" target=\"_blank\" rel=\"noopener\">Ver valores vigentes. <\/a>-.<br \/>\nTasa de Uso Urbano de El Chalt\u00e9n, se puede abonar al llegar a El Chalt\u00e9n o en: <a href=\"https:\/\/municipalidad.com\/chal\/pagoconceptos\">https:\/\/municipalidad.com\/chal\/pagoconceptos<\/a><\/span><br \/>\n<img loading=\"lazy\" decoding=\"async\" class=\"alignnone wp-image-6582\" src=\"https:\/\/glaciarturismo.com\/wp-content\/uploads\/2022\/09\/Imagen44.png\" alt=\"\" width=\"27\" height=\"27\" \/> \u00bf<strong>Cu\u00e1ndo reservar?<\/strong> Reserve ahora para asegurar su lugar. El calendario muestra la disponibilidad.<br \/>\n<img loading=\"lazy\" decoding=\"async\" class=\"alignnone wp-image-6558\" src=\"https:\/\/glaciarturismo.com\/wp-content\/uploads\/2022\/09\/Imagen2-1.png\" alt=\"\" width=\"26\" height=\"26\" \/>\u00a0<strong>Voucher electr\u00f3nico:<\/strong> Recibir\u00e1 su voucher digital, el cual s\u00f3lo tiene que mostrar desde su tel\u00e9fono celular.<\/p>\n<p>[\/vc_column_text][vc_column_text css=\u00bb\u00bb el_id=\u00bbtarifas\u00bb]<\/p>\n<h3><strong>Tarifas<\/strong><\/h3>\n<p>Las mismas pueden variar seg\u00fan la fecha de viaje.<br \/>\nIngrese al calendario, seleccione la fecha en que quiere contratar la excursi\u00f3n o servicio para verificar el valor vigente para el d\u00eda de su inter\u00e9s.[\/vc_column_text][vc_column_text css=\u00bb\u00bb el_id=\u00bbtips\u00bb]<\/p>\n<h3><strong>Tips &#8211; Preguntas frecuentes<\/strong><\/h3>\n<ul>\n<li>En un d\u00eda soleado llevar protector solar, lentes del sol, gorra y agua.<\/li>\n<li>No fiarse del sol Patag\u00f3nico, siempre llevar un abrigo.<\/li>\n<li>En \u00e9poca invernal llevar gorro, guantes y campera de abrigo si es impermeable mejor.<\/li>\n<li><span class=\"TextRun SCXW206351657 BCX0\" lang=\"ES-AR\" xml:lang=\"ES-AR\" data-contrast=\"none\"><span class=\"NormalTextRun SCXW206351657 BCX0\">Contar con bastones de <\/span><span class=\"SpellingError SCXW206351657 BCX0\">trekking<\/span><span class=\"NormalTextRun SCXW206351657 BCX0\"> es de ayuda para las caminatas.<\/span><\/span><span class=\"EOP SCXW206351657 BCX0\" data-ccp-props=\"{&quot;201341983&quot;:0,&quot;335559737&quot;:5387,&quot;335559739&quot;:0,&quot;335559740&quot;:240,&quot;335572071&quot;:0,&quot;335572072&quot;:0,&quot;335572073&quot;:0,&quot;335572075&quot;:0,&quot;335572076&quot;:0,&quot;335572077&quot;:0,&quot;335572079&quot;:0,&quot;335572080&quot;:0,&quot;335572081&quot;:0,&quot;335572083&quot;:0,&quot;335572084&quot;:0,&quot;335572085&quot;:0,&quot;335572087&quot;:0,&quot;335572088&quot;:0,&quot;335572089&quot;:0,&quot;469789798&quot;:&quot;nil&quot;,&quot;469789802&quot;:&quot;nil&quot;,&quot;469789806&quot;:&quot;nil&quot;,&quot;469789810&quot;:&quot;nil&quot;,&quot;469789814&quot;:&quot;nil&quot;}\">\u00a0<\/span><\/li>\n<li>Llevar calzado c\u00f3modo para las caminatas.<\/li>\n<li><strong>\u00bfSe visita el pueblo?<\/strong><br \/>\nQueda a su criterio, puede realizar una caminata y disfrutar de la villa tur\u00edstica.<\/li>\n<li><strong>\u00bfEl gu\u00eda est\u00e1 a nuestra disposici\u00f3n?<\/strong><br \/>\nNo, el gu\u00eda solo brinda sus servicios en los traslados.<\/li>\n<li><strong>\u00bfDebo llevar una vianda o hay donde comer?<\/strong><br \/>\nSe incluye una vianda con una bebida, es recomendable llevar una bebida para las caminatas, como as\u00ed tambi\u00e9n un snack para merendar.<\/li>\n<li><strong>\u00bfHay ba\u00f1os en el lugar?<\/strong><br \/>\nEn el lugar de parada a la llegada y antes de la partida.<\/li>\n<\/ul>\n<p><span style=\"font-weight: 400;\">Si tiene alg\u00fan problema para reservar o necesita un servicio diferente <\/span><a href=\"https:\/\/glaciarturismo.com\/es\/contacto\/\"><b>p\u00f3ngase en contacto<\/b><\/a><span style=\"font-weight: 400;\">, nuestro personal est\u00e1 a su disposici\u00f3n.<\/span>[\/vc_column_text][vc_column_text el_id=\u00bbpagos\u00bb]<\/p>\n<h3><strong>Pagos<\/strong><\/h3>\n<p><span style=\"font-weight: 400;\">El precio de todos nuestros servicios es el mismo por cualquiera de las opciones de pago que ofrecemos.<\/span><span style=\"font-weight: 400;\"><br \/>\n<\/span><span style=\"font-weight: 400;\">Incluyen impuestos. <\/span><span style=\"font-weight: 400;\"><br \/>\n<\/span><span style=\"font-weight: 400;\">La facturaci\u00f3n es al titular de la reserva.<\/span><\/p>\n<p><strong>Medio de pago:<br \/>\n<\/strong><span style=\"font-weight: 400;\">El pago se realiza por Paypal desde la web o solicitando el link de pago.<\/span><\/p>\n<p><span style=\"font-weight: 400;\"><strong>IMPORTANTE:<\/strong> nuestra empresa no toma por mail o por WhatsApp datos de tarjeta de cr\u00e9dito, los mismos son confidenciales.<\/span>[\/vc_column_text][vc_column_text css=\u00bb\u00bb el_id=\u00bbcancelaciones\u00bb]<\/p>\n<h3><strong>Cancelaciones<\/strong><\/h3>\n<ul>\n<li>Hasta 48 horas antes del servicio sin cargo.<\/li>\n<li>Solo se aplicar\u00e1n los gastos ocasionados seg\u00fan el medio de pago si los hubiera.<\/li>\n<li>Los reembolsos se realizan por el mismo medio con el que se realiz\u00f3 el pago.<\/li>\n<li>Si cancela con menos tiempo, no est\u00e1 en su hotel al momento de la b\u00fasqueda, no se har\u00e1 ning\u00fan reembolso.<\/li>\n<\/ul>\n<p>[\/vc_column_text][\/vc_column][vc_column width=\u00bb1\/3&#8243; el_class=\u00bbcartel\u00bb][vc_column_text css_animation=\u00bbfadeInDown\u00bb css=\u00bb.vc_custom_1721415589553{margin-bottom: 20px !important;border-top-width: 2px !important;border-right-width: 2px !important;border-bottom-width: 2px !important;border-left-width: 2px !important;padding-top: 15px !important;padding-right: 15px !important;padding-bottom: 15px !important;padding-left: 15px !important;border-left-style: solid !important;border-right-style: solid !important;border-top-style: solid !important;border-bottom-style: solid !important;border-color: #0164f7 !important;}\u00bb]<\/p>\n<p style=\"text-align: center; margin-bottom: 0px; line-height: 18px;\"><span style=\"font-size: 14px;\"><span style=\"font-size: 13px;\"><span style=\"font-weight: 400;\">La tarifa puede variar en funci\u00f3n de la <\/span><b>fecha y temporada.<br \/>\n<\/b><\/span><span style=\"font-size: 13px;\"><b>Confirme en el calendario<\/b><\/span><span style=\"font-weight: 400;\"><span style=\"font-size: 13px;\"> la tarifa para el d\u00eda de su inter\u00e9s<\/span>.<\/span><\/span><\/p>\n<p>[\/vc_column_text][vc_raw_html css=\u00bb\u00bb el_id=\u00bbcalendario\u00bb]JTNDbGluayUyMGlkJTNEJTIybG9hZHR1cml0b3AlMjIlMjBocmVmJTNEJTIyaHR0cHMlM0ElMkYlMkZhcHAudHVyaXRvcC5jb20lMkZjc3MlMkZsb2FkLXR1cml0b3AubWluLmNzcyUyMiUyMHR5cGUlM0QlMjJ0ZXh0JTJGY3NzJTIyJTIwcmVsJTNEJTIyc3R5bGVzaGVldCUyMiUzRSUwQSUzQ2RpdiUyMGNsYXNzJTNEJTIybG9hZC10dXJpdG9wJTIyJTIwZGF0YS1zZXJ2aWNlJTNEJTIyUDIwMCUyMiUyMGRhdGEtbGFuZyUzRCUyMmVzJTIyJTIwJTIwZGF0YS1lbWJlZCUzRCUyMmJveCUyMiUzRSUzQyUyRmRpdiUzRSUwQSUzQ3NjcmlwdCUyMGlkJTNEJTIyanMtdHVyaXRvcCUyMiUyMHNyYyUzRCUyMmh0dHBzJTNBJTJGJTJGYXBwLnR1cml0b3AuY29tJTJGanMlMkZsb2FkLXR1cml0b3AubWluLmpzJTIyJTIwZGF0YS1jb21wYW55JTNEJTIyQzM4NyUyMiUyMGRhdGEtZ2ElM0QlMjJ5ZXMlMjIlMjBkYXRhLWJ1dHRvbmNvbG9yJTNEJTIyZ3JlZW4lMjIlMjBkYXRhLWFmZnRhZyUzRCUyMnR0YWZpZCUyMiUzRSUzQyUyRnNjcmlwdCUzRQ==[\/vc_raw_html][\/vc_column][\/vc_row]<\/p>\n<\/div>","protected":false},"excerpt":{"rendered":"<div class=\"thumb-info-price\">Desde US$ 104<\/div>\n<p><i class=\"fa fa-clock text-color-primary\"><\/i>  12hs<\/i><br \/>\n<i class=\"fa fa-flag text-color-primary\"><\/i> Espa\u00f1ol\/Ingl\u00e9s<br \/>\n<i class=\"fa fa-h-square text-color-primary\"><\/i> Comienzo en hotel<\/p>\n<div style=\"color:#32347F;text-align: right;font-weight: 600;font-size:18px;\">Desde US$ 104<\/div>\n<div style=\"text-align: right;font-weight: 400;font-size: 14px;\"><i class=\"fa fa-dollar-sign text-color-primary\"><\/i>  Cancelaci\u00f3n gratuita<\/i><\/div>\n","protected":false},"featured_media":12690,"comment_status":"open","ping_status":"closed","template":"","meta":{"_joinchat":[],"footnotes":""},"portfolio_cat":[141],"portfolio_skills":[],"class_list":["post-6885","portfolio","type-portfolio","status-publish","has-post-thumbnail","hentry","portfolio_cat-el-chalten-3"],"yoast_head":"<!-- This site is optimized with the Yoast SEO Premium plugin v26.4 (Yoast SEO v27.5) - https:\/\/yoast.com\/product\/yoast-seo-premium-wordpress\/ -->\n<title>El Chalt\u00e9n Full Day - Glaciar Turismo<\/title>\n<meta name=\"description\" content=\"Disfrute un d\u00eda eligiendo a su voluntad el itinerario. Se toma la ruta N\u00b0 11 hasta la intersecci\u00f3n de la ruta nacional N\u00b0 40 (32 Km) en...\" \/>\n<meta name=\"robots\" content=\"index, follow, max-snippet:-1, max-image-preview:large, max-video-preview:-1\" \/>\n<link rel=\"canonical\" href=\"https:\/\/glaciarturismo.com\/es\/excursiones\/el-chalten-full-day\/\" \/>\n<meta property=\"og:type\" content=\"article\" \/>\n<meta property=\"og:title\" content=\"El Chalt\u00e9n Full Day\" \/>\n<meta property=\"og:description\" content=\"Disfrute un d\u00eda eligiendo a su voluntad el itinerario. Se toma la ruta N\u00b0 11 hasta la intersecci\u00f3n de la ruta nacional N\u00b0 40 (32 Km) en...\" \/>\n<meta property=\"og:url\" content=\"https:\/\/glaciarturismo.com\/es\/excursiones\/el-chalten-full-day\/\" \/>\n<meta property=\"og:site_name\" content=\"Glaciar Turismo\" \/>\n<meta property=\"article:publisher\" content=\"https:\/\/www.facebook.com\/Glaciarturismo\/\" \/>\n<meta property=\"article:modified_time\" content=\"2026-03-19T21:09:31+00:00\" \/>\n<meta property=\"og:image\" content=\"https:\/\/glaciarturismo.com\/wp-content\/uploads\/2023\/10\/15-Chorrillo_del_Salto_01-COPIA-1.webp\" \/>\n\t<meta property=\"og:image:width\" content=\"563\" \/>\n\t<meta property=\"og:image:height\" content=\"563\" \/>\n\t<meta property=\"og:image:type\" content=\"image\/webp\" \/>\n<meta name=\"twitter:card\" content=\"summary_large_image\" \/>\n<meta name=\"twitter:label1\" content=\"Tiempo de lectura\" \/>\n\t<meta name=\"twitter:data1\" content=\"11 minutos\" \/>\n<script type=\"application\/ld+json\" class=\"yoast-schema-graph\">{\"@context\":\"https:\\\/\\\/schema.org\",\"@graph\":[{\"@type\":\"WebPage\",\"@id\":\"https:\\\/\\\/glaciarturismo.com\\\/es\\\/excursiones\\\/el-chalten-full-day\\\/\",\"url\":\"https:\\\/\\\/glaciarturismo.com\\\/es\\\/excursiones\\\/el-chalten-full-day\\\/\",\"name\":\"El Chalt\u00e9n Full Day - Glaciar Turismo\",\"isPartOf\":{\"@id\":\"https:\\\/\\\/glaciarturismo.com\\\/#website\"},\"primaryImageOfPage\":{\"@id\":\"https:\\\/\\\/glaciarturismo.com\\\/es\\\/excursiones\\\/el-chalten-full-day\\\/#primaryimage\"},\"image\":{\"@id\":\"https:\\\/\\\/glaciarturismo.com\\\/es\\\/excursiones\\\/el-chalten-full-day\\\/#primaryimage\"},\"thumbnailUrl\":\"https:\\\/\\\/glaciarturismo.com\\\/wp-content\\\/uploads\\\/2023\\\/10\\\/15-Chorrillo_del_Salto_01-COPIA-1.webp\",\"datePublished\":\"2023-10-17T21:16:32+00:00\",\"dateModified\":\"2026-03-19T21:09:31+00:00\",\"description\":\"Disfrute un d\u00eda eligiendo a su voluntad el itinerario. Se toma la ruta N\u00b0 11 hasta la intersecci\u00f3n de la ruta nacional N\u00b0 40 (32 Km) en...\",\"breadcrumb\":{\"@id\":\"https:\\\/\\\/glaciarturismo.com\\\/es\\\/excursiones\\\/el-chalten-full-day\\\/#breadcrumb\"},\"inLanguage\":\"es\",\"potentialAction\":[{\"@type\":\"ReadAction\",\"target\":[\"https:\\\/\\\/glaciarturismo.com\\\/es\\\/excursiones\\\/el-chalten-full-day\\\/\"]}]},{\"@type\":\"ImageObject\",\"inLanguage\":\"es\",\"@id\":\"https:\\\/\\\/glaciarturismo.com\\\/es\\\/excursiones\\\/el-chalten-full-day\\\/#primaryimage\",\"url\":\"https:\\\/\\\/glaciarturismo.com\\\/wp-content\\\/uploads\\\/2023\\\/10\\\/15-Chorrillo_del_Salto_01-COPIA-1.webp\",\"contentUrl\":\"https:\\\/\\\/glaciarturismo.com\\\/wp-content\\\/uploads\\\/2023\\\/10\\\/15-Chorrillo_del_Salto_01-COPIA-1.webp\",\"width\":563,\"height\":563},{\"@type\":\"BreadcrumbList\",\"@id\":\"https:\\\/\\\/glaciarturismo.com\\\/es\\\/excursiones\\\/el-chalten-full-day\\\/#breadcrumb\",\"itemListElement\":[{\"@type\":\"ListItem\",\"position\":1,\"name\":\"Portada\",\"item\":\"https:\\\/\\\/glaciarturismo.com\\\/es\\\/\"},{\"@type\":\"ListItem\",\"position\":2,\"name\":\"Excursiones\",\"item\":\"https:\\\/\\\/glaciarturismo.com\\\/excursiones\\\/\"},{\"@type\":\"ListItem\",\"position\":3,\"name\":\"El Chalt\u00e9n Full Day\"}]},{\"@type\":\"WebSite\",\"@id\":\"https:\\\/\\\/glaciarturismo.com\\\/#website\",\"url\":\"https:\\\/\\\/glaciarturismo.com\\\/\",\"name\":\"Glaciar Turismo\",\"description\":\"Agencia de Turismo en El Calafate\",\"publisher\":{\"@id\":\"https:\\\/\\\/glaciarturismo.com\\\/#organization\"},\"potentialAction\":[{\"@type\":\"SearchAction\",\"target\":{\"@type\":\"EntryPoint\",\"urlTemplate\":\"https:\\\/\\\/glaciarturismo.com\\\/?s={search_term_string}\"},\"query-input\":{\"@type\":\"PropertyValueSpecification\",\"valueRequired\":true,\"valueName\":\"search_term_string\"}}],\"inLanguage\":\"es\"},{\"@type\":\"Organization\",\"@id\":\"https:\\\/\\\/glaciarturismo.com\\\/#organization\",\"name\":\"Glaciar Turismo\",\"url\":\"https:\\\/\\\/glaciarturismo.com\\\/\",\"logo\":{\"@type\":\"ImageObject\",\"inLanguage\":\"es\",\"@id\":\"https:\\\/\\\/glaciarturismo.com\\\/#\\\/schema\\\/logo\\\/image\\\/\",\"url\":\"https:\\\/\\\/glaciarturismo.com\\\/wp-content\\\/uploads\\\/2025\\\/12\\\/logogt400-1.webp\",\"contentUrl\":\"https:\\\/\\\/glaciarturismo.com\\\/wp-content\\\/uploads\\\/2025\\\/12\\\/logogt400-1.webp\",\"width\":400,\"height\":126,\"caption\":\"Glaciar Turismo\"},\"image\":{\"@id\":\"https:\\\/\\\/glaciarturismo.com\\\/#\\\/schema\\\/logo\\\/image\\\/\"},\"sameAs\":[\"https:\\\/\\\/www.facebook.com\\\/Glaciarturismo\\\/\",\"https:\\\/\\\/www.instagram.com\\\/glaciarturismo?igshid=YmMyMTA2M2Y\"]}]}<\/script>\n<!-- \/ Yoast SEO Premium plugin. -->","yoast_head_json":{"title":"El Chalt\u00e9n Full Day - Glaciar Turismo","description":"Disfrute un d\u00eda eligiendo a su voluntad el itinerario. Se toma la ruta N\u00b0 11 hasta la intersecci\u00f3n de la ruta nacional N\u00b0 40 (32 Km) en...","robots":{"index":"index","follow":"follow","max-snippet":"max-snippet:-1","max-image-preview":"max-image-preview:large","max-video-preview":"max-video-preview:-1"},"canonical":"https:\/\/glaciarturismo.com\/es\/excursiones\/el-chalten-full-day\/","og_type":"article","og_title":"El Chalt\u00e9n Full Day","og_description":"Disfrute un d\u00eda eligiendo a su voluntad el itinerario. Se toma la ruta N\u00b0 11 hasta la intersecci\u00f3n de la ruta nacional N\u00b0 40 (32 Km) en...","og_url":"https:\/\/glaciarturismo.com\/es\/excursiones\/el-chalten-full-day\/","og_site_name":"Glaciar Turismo","article_publisher":"https:\/\/www.facebook.com\/Glaciarturismo\/","article_modified_time":"2026-03-19T21:09:31+00:00","og_image":[{"width":563,"height":563,"url":"https:\/\/glaciarturismo.com\/wp-content\/uploads\/2023\/10\/15-Chorrillo_del_Salto_01-COPIA-1.webp","type":"image\/webp"}],"twitter_card":"summary_large_image","twitter_misc":{"Tiempo de lectura":"11 minutos"},"schema":{"@context":"https:\/\/schema.org","@graph":[{"@type":"WebPage","@id":"https:\/\/glaciarturismo.com\/es\/excursiones\/el-chalten-full-day\/","url":"https:\/\/glaciarturismo.com\/es\/excursiones\/el-chalten-full-day\/","name":"El Chalt\u00e9n Full Day - Glaciar Turismo","isPartOf":{"@id":"https:\/\/glaciarturismo.com\/#website"},"primaryImageOfPage":{"@id":"https:\/\/glaciarturismo.com\/es\/excursiones\/el-chalten-full-day\/#primaryimage"},"image":{"@id":"https:\/\/glaciarturismo.com\/es\/excursiones\/el-chalten-full-day\/#primaryimage"},"thumbnailUrl":"https:\/\/glaciarturismo.com\/wp-content\/uploads\/2023\/10\/15-Chorrillo_del_Salto_01-COPIA-1.webp","datePublished":"2023-10-17T21:16:32+00:00","dateModified":"2026-03-19T21:09:31+00:00","description":"Disfrute un d\u00eda eligiendo a su voluntad el itinerario. Se toma la ruta N\u00b0 11 hasta la intersecci\u00f3n de la ruta nacional N\u00b0 40 (32 Km) en...","breadcrumb":{"@id":"https:\/\/glaciarturismo.com\/es\/excursiones\/el-chalten-full-day\/#breadcrumb"},"inLanguage":"es","potentialAction":[{"@type":"ReadAction","target":["https:\/\/glaciarturismo.com\/es\/excursiones\/el-chalten-full-day\/"]}]},{"@type":"ImageObject","inLanguage":"es","@id":"https:\/\/glaciarturismo.com\/es\/excursiones\/el-chalten-full-day\/#primaryimage","url":"https:\/\/glaciarturismo.com\/wp-content\/uploads\/2023\/10\/15-Chorrillo_del_Salto_01-COPIA-1.webp","contentUrl":"https:\/\/glaciarturismo.com\/wp-content\/uploads\/2023\/10\/15-Chorrillo_del_Salto_01-COPIA-1.webp","width":563,"height":563},{"@type":"BreadcrumbList","@id":"https:\/\/glaciarturismo.com\/es\/excursiones\/el-chalten-full-day\/#breadcrumb","itemListElement":[{"@type":"ListItem","position":1,"name":"Portada","item":"https:\/\/glaciarturismo.com\/es\/"},{"@type":"ListItem","position":2,"name":"Excursiones","item":"https:\/\/glaciarturismo.com\/excursiones\/"},{"@type":"ListItem","position":3,"name":"El Chalt\u00e9n Full Day"}]},{"@type":"WebSite","@id":"https:\/\/glaciarturismo.com\/#website","url":"https:\/\/glaciarturismo.com\/","name":"Glaciar Turismo","description":"Agencia de Turismo en El Calafate","publisher":{"@id":"https:\/\/glaciarturismo.com\/#organization"},"potentialAction":[{"@type":"SearchAction","target":{"@type":"EntryPoint","urlTemplate":"https:\/\/glaciarturismo.com\/?s={search_term_string}"},"query-input":{"@type":"PropertyValueSpecification","valueRequired":true,"valueName":"search_term_string"}}],"inLanguage":"es"},{"@type":"Organization","@id":"https:\/\/glaciarturismo.com\/#organization","name":"Glaciar Turismo","url":"https:\/\/glaciarturismo.com\/","logo":{"@type":"ImageObject","inLanguage":"es","@id":"https:\/\/glaciarturismo.com\/#\/schema\/logo\/image\/","url":"https:\/\/glaciarturismo.com\/wp-content\/uploads\/2025\/12\/logogt400-1.webp","contentUrl":"https:\/\/glaciarturismo.com\/wp-content\/uploads\/2025\/12\/logogt400-1.webp","width":400,"height":126,"caption":"Glaciar Turismo"},"image":{"@id":"https:\/\/glaciarturismo.com\/#\/schema\/logo\/image\/"},"sameAs":["https:\/\/www.facebook.com\/Glaciarturismo\/","https:\/\/www.instagram.com\/glaciarturismo?igshid=YmMyMTA2M2Y"]}]}},"_links":{"self":[{"href":"https:\/\/glaciarturismo.com\/es\/wp-json\/wp\/v2\/portfolio\/6885","targetHints":{"allow":["GET"]}}],"collection":[{"href":"https:\/\/glaciarturismo.com\/es\/wp-json\/wp\/v2\/portfolio"}],"about":[{"href":"https:\/\/glaciarturismo.com\/es\/wp-json\/wp\/v2\/types\/portfolio"}],"replies":[{"embeddable":true,"href":"https:\/\/glaciarturismo.com\/es\/wp-json\/wp\/v2\/comments?post=6885"}],"version-history":[{"count":3,"href":"https:\/\/glaciarturismo.com\/es\/wp-json\/wp\/v2\/portfolio\/6885\/revisions"}],"predecessor-version":[{"id":14753,"href":"https:\/\/glaciarturismo.com\/es\/wp-json\/wp\/v2\/portfolio\/6885\/revisions\/14753"}],"wp:featuredmedia":[{"embeddable":true,"href":"https:\/\/glaciarturismo.com\/es\/wp-json\/wp\/v2\/media\/12690"}],"wp:attachment":[{"href":"https:\/\/glaciarturismo.com\/es\/wp-json\/wp\/v2\/media?parent=6885"}],"wp:term":[{"taxonomy":"portfolio_cat","embeddable":true,"href":"https:\/\/glaciarturismo.com\/es\/wp-json\/wp\/v2\/portfolio_cat?post=6885"},{"taxonomy":"portfolio_skills","embeddable":true,"href":"https:\/\/glaciarturismo.com\/es\/wp-json\/wp\/v2\/portfolio_skills?post=6885"}],"curies":[{"name":"wp","href":"https:\/\/api.w.org\/{rel}","templated":true}]}}