{"id":6879,"date":"2024-03-08T08:55:45","date_gmt":"2024-03-08T11:55:45","guid":{"rendered":"https:\/\/glaciarturismo.com\/wp\/excursiones\/cuevas-de-walichu\/"},"modified":"2025-10-04T19:38:23","modified_gmt":"2025-10-04T22:38:23","slug":"cuevas-de-walichu","status":"publish","type":"portfolio","link":"https:\/\/glaciarturismo.com\/es\/excursiones\/cuevas-de-walichu\/","title":{"rendered":"Cuevas de Walichu City Tour"},"content":{"rendered":"<div class=\"wpb-content-wrapper\"><p>[vc_row wrap_container=\u00bbyes\u00bb el_class=\u00bbsec-top\u00bb][vc_column][vc_row_inner][vc_column_inner width=\u00bb2\/3&#8243;][vc_custom_heading text=\u00bbExcursi\u00f3n Cuevas del Walichu &#8211; City Tour\u00bb font_container=\u00bbtag:h2|text_align:left|color:%2332347f\u00bb use_theme_fonts=\u00bbyes\u00bb css=\u00bb.vc_custom_1698894680849{margin-bottom: 0px !important;padding-bottom: 10px !important;}\u00bb font_weight=\u00bb600&#8243;][vc_column_text css=\u00bb.vc_custom_1721856294559{margin-top: 0px !important;margin-bottom: 20px !important;padding-top: 0px !important;}\u00bb]<img loading=\"lazy\" decoding=\"async\" class=\"alignnone wp-image-6588\" src=\"https:\/\/glaciarturismo.com\/wp-content\/uploads\/2022\/09\/Imagen110.png\" alt=\"\" width=\"33\" height=\"33\" \/>Cancelaci\u00f3n gratuita | <img loading=\"lazy\" decoding=\"async\" class=\"alignnone wp-image-6570\" src=\"https:\/\/glaciarturismo.com\/wp-content\/uploads\/2022\/09\/Imagen9.png\" alt=\"\" width=\"27\" height=\"27\" \/>3hs |<br \/>\n<img loading=\"lazy\" decoding=\"async\" class=\"alignnone wp-image-6512\" src=\"https:\/\/glaciarturismo.com\/wp-content\/uploads\/2022\/09\/Imagen30.png\" alt=\"\" width=\"34\" height=\"34\" \/> Espa\u00f1ol\/Ingl\u00e9s |<br \/>\n<img loading=\"lazy\" decoding=\"async\" class=\"alignnone wp-image-6567\" src=\"https:\/\/glaciarturismo.com\/wp-content\/uploads\/2022\/09\/Imagen8.png\" alt=\"\" width=\"35\" height=\"35\" \/>Comienzo en hotel[\/vc_column_text][\/vc_column_inner][vc_column_inner width=\u00bb1\/3&#8243;][vc_custom_heading text=\u00bbDesde US$ 69&#8243; font_container=\u00bbtag:h2|text_align:center|color:%2332347f\u00bb use_theme_fonts=\u00bbyes\u00bb css=\u00bb.vc_custom_1759617497104{margin-bottom: 0px !important;padding-bottom: 10px !important;}\u00bb font_weight=\u00bb600&#8243; css_params=\u00bb\u00bb][vc_btn title=\u00bbVer disponibilidad\u00bb shape=\u00bbround\u00bb align=\u00bbcenter\u00bb skin=\u00bbprimary\u00bb link=\u00bburl:%23calendario\u00bb][\/vc_column_inner][\/vc_row_inner][vc_row_inner el_class=\u00bbitemexc\u00bb][vc_column_inner]<div class=\"porto-carousel owl-carousel has-ccols has-ccols-spacing ccols-xl-3 ccols-lg-3 ccols-md-3 ccols-sm-1 ccols-1 stage-margin wpb_custom_6a6a23d7b80956c49b8179ca971a8dbd nav-pos-outside rounded-nav\" data-plugin-options=\"{&quot;themeConfig&quot;:true,&quot;stagePadding&quot;:40,&quot;margin&quot;:10,&quot;autoplay&quot;:&quot;yes&quot;,&quot;mouseDrag&quot;:true,&quot;touchDrag&quot;:true,&quot;autoplayTimeout&quot;:5000,&quot;autoplayHoverPause&quot;:false,&quot;items&quot;:3,&quot;xl&quot;:3,&quot;lg&quot;:3,&quot;md&quot;:3,&quot;sm&quot;:1,&quot;xs&quot;:1,&quot;nav&quot;:&quot;yes&quot;,&quot;dots&quot;:false,&quot;animateIn&quot;:&quot;&quot;,&quot;animateOut&quot;:&quot;&quot;,&quot;loop&quot;:&quot;yes&quot;,&quot;center&quot;:false,&quot;video&quot;:false,&quot;lazyLoad&quot;:false,&quot;fullscreen&quot;:false}\">[vc_single_image image=\u00bb7469&#8243; img_size=\u00bblarge\u00bb onclick=\u00bbimg_link_large\u00bb css=\u00bb\u00bb lightbox=\u00bbyes\u00bb][vc_single_image image=\u00bb7475&#8243; img_size=\u00bblarge\u00bb onclick=\u00bbimg_link_large\u00bb css=\u00bb\u00bb lightbox=\u00bbyes\u00bb][vc_single_image image=\u00bb7490&#8243; img_size=\u00bblarge\u00bb onclick=\u00bbimg_link_large\u00bb css=\u00bb\u00bb lightbox=\u00bbyes\u00bb][vc_single_image image=\u00bb7484&#8243; img_size=\u00bblarge\u00bb onclick=\u00bbimg_link_large\u00bb css=\u00bb\u00bb lightbox=\u00bbyes\u00bb][vc_single_image image=\u00bb7466&#8243; img_size=\u00bblarge\u00bb onclick=\u00bbimg_link_large\u00bb css=\u00bb\u00bb lightbox=\u00bbyes\u00bb][vc_single_image image=\u00bb7463&#8243; img_size=\u00bblarge\u00bb onclick=\u00bbimg_link_large\u00bb css=\u00bb\u00bb lightbox=\u00bbyes\u00bb][vc_single_image image=\u00bb7487&#8243; img_size=\u00bblarge\u00bb onclick=\u00bbimg_link_large\u00bb css=\u00bb\u00bb lightbox=\u00bbyes\u00bb][vc_single_image image=\u00bb7472&#8243; img_size=\u00bblarge\u00bb onclick=\u00bbimg_link_large\u00bb css=\u00bb\u00bb lightbox=\u00bbyes\u00bb][vc_single_image image=\u00bb7478&#8243; img_size=\u00bblarge\u00bb onclick=\u00bbimg_link_large\u00bb css=\u00bb\u00bb lightbox=\u00bbyes\u00bb][vc_single_image image=\u00bb7493&#8243; img_size=\u00bblarge\u00bb onclick=\u00bbimg_link_large\u00bb css=\u00bb\u00bb lightbox=\u00bbyes\u00bb][vc_single_image image=\u00bb7481&#8243; img_size=\u00bblarge\u00bb onclick=\u00bbimg_link_large\u00bb css=\u00bb\u00bb lightbox=\u00bbyes\u00bb][vc_single_image image=\u00bb7496&#8243; img_size=\u00bblarge\u00bb onclick=\u00bbimg_link_large\u00bb css=\u00bb\u00bb]<\/div>[\/vc_column_inner][\/vc_row_inner][vc_column_text css=\u00bb\u00bb]<\/p>\n<h3 style=\"text-align: center; line-height: 30px !important;\"><strong><a href=\"https:\/\/glaciarturismo.com\/es\/excursiones\/cuevas-de-walichu\/#descrip\">Descripci\u00f3n |\u00a0<\/a><a href=\"https:\/\/glaciarturismo.com\/es\/excursiones\/cuevas-de-walichu\/#itinerario\">Itinerario |\u00a0<\/a><a href=\"https:\/\/glaciarturismo.com\/es\/excursiones\/cuevas-de-walichu\/#detalles\">Detalles |\u00a0<\/a><a href=\"https:\/\/glaciarturismo.com\/es\/excursiones\/cuevas-de-walichu\/#tarifas\">Tarifas |\u00a0<\/a><a href=\"https:\/\/glaciarturismo.com\/es\/excursiones\/cuevas-de-walichu\/#tips\">Tips |\u00a0<\/a><a href=\"#\">Mapa |\u00a0<\/a><a href=\"https:\/\/glaciarturismo.com\/es\/excursiones\/cuevas-de-walichu\/#pagos\">Pagos | <\/a><a href=\"https:\/\/glaciarturismo.com\/es\/excursiones\/cuevas-de-walichu\/#cancelaciones\">Cancelaciones <\/a><\/strong><\/h3>\n<p>[\/vc_column_text][\/vc_column][\/vc_row][vc_row wrap_container=\u00bbyes\u00bb el_class=\u00bbsec-bot detallesexc\u00bb css=\u00bb.vc_custom_1659536709008{padding-top: 30px !important;}\u00bb][vc_column width=\u00bb2\/3&#8243;][vc_column_text css=\u00bb\u00bb el_id=\u00bbdescrip\u00bb css_params=\u00bb\u00bb]<\/p>\n<p style=\"text-align: center;\"><span style=\"font-size: 16px;\"><strong style=\"font-size: 16px;\"><span style=\"font-size: 20px;\">Cuevas del Walichu &#8211; City Tour<\/span><\/strong><br \/>\n<b style=\"font-size: 16px;\">Arqueolog\u00eda, historia, paisajes, <\/b><b>paleontolog\u00eda<\/b><b style=\"font-size: 16px;\">, junto al gu\u00eda descubra El Calafate<\/b><\/span><\/p>\n<h3><strong>Descripci\u00f3n<\/strong><\/h3>\n<p>En El Calafate podr\u00e1 contratar un entretenido paseo por la ciudad, pasando por los lugares m\u00e1s tradicionales e hist\u00f3ricos, junto al famoso sitio arqueol\u00f3gico de Punta Walichu.<\/p>\n<p>La excursi\u00f3n Cuevas del Walichu y City Tour comienza con la b\u00fasqueda de los pasajeros por los hoteles (1).<\/p>\n<p>Cuevas del Walichu y City Tour comienza con la visita a Punta Walichu, sitio arqueol\u00f3gico ubicado a 8 km de El Calafate, donde se observar\u00e1 las huellas de los primeros habitantes que caminaron en estas tierras.<br \/>\nUna caminata a lo largo de los aleros y las cuevas permitir\u00e1 observar pinturas rupestres originales y reproducciones, con una excepcional vista del lago Argentino y la cordillera de los Andes.<\/p>\n<p>El circuito transita las principales calles del casco antiguo del pueblo, mostrando las primeras construcciones de los pioneros y los edificios del centro c\u00edvico actual.<br \/>\nEl gu\u00eda ser\u00e1 el responsable de transportarlo en el tiempo hacia la historia de los primeros pobladores, mostrar la flora, la fauna y otros interesantes detalles que atesora esta peque\u00f1a Villa Tur\u00edstica.<\/p>\n<p>Se realizar\u00e1 una visita por el paseo Costero y la bah\u00eda Redonda, a metros de la costa del lago Argentino, donde se observa la abundante avifauna local.<br \/>\nLuego nos dirigimos hacia el Centro de Interpretaci\u00f3n Hist\u00f3rica, donde se observar\u00e1 a trav\u00e9s de una visita auto guiada, los hechos de mayor relevancia hist\u00f3rica desde las glaciaciones al presente.<\/p>\n<p>Finalizada la visita al Centro de Interpretaci\u00f3n Hist\u00f3rica se visita la \u00abLa Chacra Las Moras\u00bb, ejemplo de las posibilidades de cultivos en la zona.<\/p>\n<p>(*) <strong>En la salida de las 15:00 horas se incluye: degustaci\u00f3n de fiambres y quesos, acompa\u00f1ados por una bebida por persona (cerveza, gin tonic, gaseosa o agua saborizada), este adicional se brinda desde el 15\/10 al 15\/04.<\/strong><\/p>\n<p>Con posterioridad se emprende el regreso a los hoteles.[\/vc_column_text][vc_column_text css=\u00bb\u00bb el_id=\u00bbitinerario\u00bb css_params=\u00bb\u00bb]<\/p>\n<h3><strong>Itinerario<\/strong><\/h3>\n<p>Comienzo del recorrido por los hoteles.<br \/>\nVisita y recorrida a las cuevas del Walichu.<br \/>\nCircuito hist\u00f3rico de El Calafate y atractivos.<br \/>\nPaseo costanero y bah\u00eda Redondea.<br \/>\nMuseo Centro de Interpretaci\u00f3n Hist\u00f3rico<br \/>\nChacra Las Moras *(*)*[\/vc_column_text][vc_column_text css=\u00bb\u00bb el_id=\u00bbdetalles\u00bb css_params=\u00bb\u00bb]<\/p>\n<h3 style=\"text-align: left;\"><strong>Detalles<\/strong><\/h3>\n<p style=\"margin-bottom: 15px; text-align: left;\"><img loading=\"lazy\" decoding=\"async\" class=\"alignnone wp-image-6564\" src=\"https:\/\/glaciarturismo.com\/wp-content\/uploads\/2022\/09\/Imagen7.png\" alt=\"\" width=\"26\" height=\"26\" \/> Nivel de dificultad: bajo.<br \/>\n<img loading=\"lazy\" decoding=\"async\" class=\"alignnone wp-image-6561\" src=\"https:\/\/glaciarturismo.com\/wp-content\/uploads\/2022\/09\/Imagen6.png\" alt=\"\" width=\"29\" height=\"29\" \/> La excursi\u00f3n es apta para todas las edades.<br \/>\n<img loading=\"lazy\" decoding=\"async\" class=\"alignnone wp-image-6594\" src=\"https:\/\/glaciarturismo.com\/wp-content\/uploads\/2022\/09\/Imagen300.png\" alt=\"\" width=\"26\" height=\"26\" \/> Personas con movilidad reducida no pueden participar.<br \/>\nSin accesibilidad para personas en silla de ruedas.<br \/>\n<img loading=\"lazy\" decoding=\"async\" class=\"alignnone wp-image-6570\" src=\"https:\/\/glaciarturismo.com\/wp-content\/uploads\/2022\/09\/Imagen9.png\" alt=\"\" width=\"26\" height=\"26\" \/> Duraci\u00f3n:<br \/>\n3 horas &#8211; salida de las 09:00 &#8211;<br \/>\n03:45 horas \u2013 salida de las 14 o 15 horas &#8211;<br \/>\n<img loading=\"lazy\" decoding=\"async\" class=\"alignnone wp-image-6619\" src=\"https:\/\/glaciarturismo.com\/wp-content\/uploads\/2023\/10\/Imagen15.png\" alt=\"\" width=\"23\" height=\"23\" \/> Frecuencias<br \/>\nSalidas diarias.<br \/>\n<strong>Del 16\/09 al 30\/04 &gt;<\/strong> salidas 09:00 y 15:00 horas.<br \/>\n<strong>Del 01\/05 al 15\/09&gt;<\/strong> salida 14:00 horas.<br \/>\n<img loading=\"lazy\" decoding=\"async\" class=\"alignnone wp-image-6591\" src=\"https:\/\/glaciarturismo.com\/wp-content\/uploads\/2022\/09\/Imagen111.png\" alt=\"\" width=\"27\" height=\"27\" \/> Idioma: espa\u00f1ol e ingl\u00e9s.<br \/>\n<img loading=\"lazy\" decoding=\"async\" class=\"alignnone wp-image-6573\" src=\"https:\/\/glaciarturismo.com\/wp-content\/uploads\/2022\/09\/Imagen10.png\" alt=\"\" width=\"26\" height=\"26\" \/> Incluye:<br \/>\n<span style=\"font-weight: 400;\">B\u00fasqueda en el hotel y su regreso (1).<br \/>\n<span style=\"font-size: 15px;\">(1) la b\u00fasqueda se brinda por hoteles, hoster\u00edas, hostels, complejos de caba\u00f1as o aparts con recepci\u00f3n las 24 horas.<\/span><br \/>\n<span style=\"font-size: 15px;\">No se busca pasajeros por departamentos de alquiler diario, o cualquier otro que no tenga recepci\u00f3n, en estos casos se solicita se informe la direcci\u00f3n del alojamiento para ubicar el hotel m\u00e1s cercano.<\/span><br \/>\nTransporte en veh\u00edculos con aire acondicionado y calefacci\u00f3n.<br \/>\nGu\u00eda en espa\u00f1ol e ingl\u00e9s.<\/span><br \/>\n<img loading=\"lazy\" decoding=\"async\" class=\"alignnone wp-image-6579\" src=\"https:\/\/glaciarturismo.com\/wp-content\/uploads\/2022\/09\/Imagen14ALFIN.png\" alt=\"\" width=\"27\" height=\"27\" \/> No incluye:<br \/>\nAlimentaci\u00f3n.<br \/>\nPropinas.<br \/>\n<img loading=\"lazy\" decoding=\"async\" class=\"alignnone wp-image-6582\" src=\"https:\/\/glaciarturismo.com\/wp-content\/uploads\/2022\/09\/Imagen44.png\" alt=\"\" width=\"27\" height=\"27\" \/> \u00bf<strong>Cu\u00e1ndo reservar?<\/strong> Reserve ahora para asegurar su lugar. El calendario muestra la disponibilidad.<br \/>\n<img loading=\"lazy\" decoding=\"async\" class=\"alignnone wp-image-6558\" src=\"https:\/\/glaciarturismo.com\/wp-content\/uploads\/2022\/09\/Imagen2-1.png\" alt=\"\" width=\"26\" height=\"26\" \/> <strong>Voucher electr\u00f3nico:<\/strong> Recibir\u00e1 su voucher digital, el cual s\u00f3lo tiene que mostrar desde su tel\u00e9fono celular.<\/p>\n<p>[\/vc_column_text][vc_column_text css=\u00bb\u00bb el_id=\u00bbtarifas\u00bb]<\/p>\n<h3><strong>Tarifas<\/strong><\/h3>\n<p>Las mismas pueden variar seg\u00fan la fecha de viaje.<br \/>\nIngrese al calendario, seleccione la fecha en que quiere contratar la excursi\u00f3n o servicio para verificar el valor vigente para el d\u00eda de su inter\u00e9s.[\/vc_column_text][vc_column_text css=\u00bb\u00bb el_id=\u00bbtips\u00bb]<\/p>\n<h3><strong>Tips &#8211; Preguntas frecuentes<\/strong><\/h3>\n<ul>\n<li>En un d\u00eda soleado llevar protector solar, lentes del sol, gorra.<\/li>\n<li>No fiarse del sol Patag\u00f3nico, siempre llevar un abrigo.<\/li>\n<li>En \u00e9poca invernal llevar gorro, guantes y campera de abrigo si es impermeable mejor.<\/li>\n<li>Llevar calzado c\u00f3modo para las caminatas.<\/li>\n<li><strong>\u00bfEl gu\u00eda est\u00e1 a nuestra disposici\u00f3n?<\/strong><br \/>\nJunto al mismo se realiza toda la actividad.<\/li>\n<li><strong>\u00bfSe incluye comida?<\/strong><br \/>\nIncluye alimentaci\u00f3n mencionada en la salida de las 14 o 15 horas.<br \/>\nSalida de las 09:00 horas no incluye alimentaci\u00f3n de ning\u00fan tipo.<\/li>\n<li><strong>\u00bfHay ba\u00f1os en el lugar?<\/strong><br \/>\nEn diversas paradas.<\/li>\n<\/ul>\n<p><span style=\"font-weight: 400;\">Si tiene alg\u00fan problema para reservar o necesita un servicio diferente<\/span><a href=\"https:\/\/glaciarturismo.com\/es\/contacto\/\"><b> p\u00f3ngase en contacto<\/b><\/a><span style=\"font-weight: 400;\">, nuestro personal est\u00e1 a su disposici\u00f3n.<\/span>[\/vc_column_text][vc_column_text el_id=\u00bbpagos\u00bb]<\/p>\n<h3><strong>Pagos<\/strong><\/h3>\n<p><span style=\"font-weight: 400;\">El precio de todos nuestros servicios es el mismo por cualquiera de las opciones de pago que ofrecemos.<\/span><span style=\"font-weight: 400;\"><br \/>\n<\/span><span style=\"font-weight: 400;\">Incluyen impuestos. <\/span><span style=\"font-weight: 400;\"><br \/>\n<\/span><span style=\"font-weight: 400;\">La facturaci\u00f3n es al titular de la reserva.<\/span><\/p>\n<p><b>Medio de pago:<br \/>\n<\/b><span style=\"font-weight: 400;\">El pago se realiza por Paypal desde la web o solicitando el link de pago.<\/span><\/p>\n<p><b>IMPORTANTE:<\/b><span style=\"font-weight: 400;\"> nuestra empresa no toma por mail o por WhatsApp datos de tarjeta de cr\u00e9dito, los mismos son confidenciales.<\/span>[\/vc_column_text][vc_column_text css=\u00bb\u00bb el_id=\u00bbcancelaciones\u00bb]<\/p>\n<h3><strong>Cancelaciones<\/strong><\/h3>\n<ul>\n<li>Hasta 48 horas antes del servicio sin cargo.<\/li>\n<li>Solo se aplicar\u00e1n los gastos ocasionados seg\u00fan el medio de pago si los hubiera.<\/li>\n<li>Los reembolsos se realizan por el mismo medio con el que se realiz\u00f3 el pago.<\/li>\n<li>Si cancela con menos tiempo, no est\u00e1 en su hotel al momento de la b\u00fasqueda, no se har\u00e1 ning\u00fan reembolso.<\/li>\n<\/ul>\n<p>[\/vc_column_text][\/vc_column][vc_column width=\u00bb1\/3&#8243; el_class=\u00bbcartel\u00bb][vc_column_text css_animation=\u00bbfadeInDown\u00bb css=\u00bb.vc_custom_1721230077049{margin-bottom: 20px !important;border-top-width: 2px !important;border-right-width: 2px !important;border-bottom-width: 2px !important;border-left-width: 2px !important;padding-top: 15px !important;padding-right: 15px !important;padding-bottom: 15px !important;padding-left: 15px !important;border-left-style: solid !important;border-right-style: solid !important;border-top-style: solid !important;border-bottom-style: solid !important;border-color: #0164f7 !important;}\u00bb]<\/p>\n<p style=\"text-align: center; margin-bottom: 0px; line-height: 18px;\"><span style=\"font-size: 13px;\">La tarifa puede variar en funci\u00f3n de la <strong>fecha y temporada.<br \/>\n<\/strong><strong>Confirme en el calendario<\/strong> la tarifa para el d\u00eda de su inter\u00e9s.<\/span><\/p>\n<p>[\/vc_column_text][vc_raw_html css=\u00bb\u00bb el_id=\u00bbcalendario\u00bb]JTNDbGluayUyMGlkJTNEJTIybG9hZHR1cml0b3AlMjIlMjBocmVmJTNEJTIyaHR0cHMlM0ElMkYlMkZhcHAudHVyaXRvcC5jb20lMkZjc3MlMkZsb2FkLXR1cml0b3AubWluLmNzcyUyMiUyMHR5cGUlM0QlMjJ0ZXh0JTJGY3NzJTIyJTIwcmVsJTNEJTIyc3R5bGVzaGVldCUyMiUzRSUwQSUzQ2RpdiUyMGNsYXNzJTNEJTIybG9hZC10dXJpdG9wJTIyJTIwZGF0YS1zZXJ2aWNlJTNEJTIyUDE4MyUyMiUyMGRhdGEtbGFuZyUzRCUyMmVzJTIyJTIwJTIwZGF0YS1lbWJlZCUzRCUyMmJveCUyMiUzRSUzQyUyRmRpdiUzRSUwQSUzQ3NjcmlwdCUyMGlkJTNEJTIyanMtdHVyaXRvcCUyMiUyMHNyYyUzRCUyMmh0dHBzJTNBJTJGJTJGYXBwLnR1cml0b3AuY29tJTJGanMlMkZsb2FkLXR1cml0b3AubWluLmpzJTIyJTIwZGF0YS1jb21wYW55JTNEJTIyQzM4NyUyMiUyMGRhdGEtZ2ElM0QlMjJ5ZXMlMjIlMjBkYXRhLWJ1dHRvbmNvbG9yJTNEJTIyZ3JlZW4lMjIlMjBkYXRhLWFmZnRhZyUzRCUyMnR0YWZpZCUyMiUzRSUzQyUyRnNjcmlwdCUzRQ==[\/vc_raw_html][\/vc_column][\/vc_row]<\/p>\n<\/div>","protected":false},"excerpt":{"rendered":"<div class=\"thumb-info-price\">Desde US$ 69<\/div>\n<p><i class=\"fa fa-clock text-color-primary\"><\/i>  3hs<\/i><br \/>\n<i class=\"fa fa-flag text-color-primary\"><\/i>  Espa\u00f1ol\/Ingl\u00e9s<br \/>\n<i class=\"fa fa-h-square text-color-primary\"><\/i>  Comienzo en hotel<\/p>\n<div style=\"color:#32347F;text-align: right;font-weight: 600;font-size:18px;\">Desde US$ 69<\/div>\n<div style=\"text-align: right;font-weight: 400;font-size: 14px;\"><i class=\"fa fa-dollar-sign text-color-primary\"><\/i>  Cancelaci\u00f3n gratuita<\/i><\/div>\n","protected":false},"featured_media":12668,"comment_status":"open","ping_status":"closed","template":"","meta":{"_joinchat":[],"footnotes":""},"portfolio_cat":[142],"portfolio_skills":[],"class_list":["post-6879","portfolio","type-portfolio","status-publish","has-post-thumbnail","hentry","portfolio_cat-estancias-y-aventura-3"],"yoast_head":"<!-- This site is optimized with the Yoast SEO Premium plugin v26.4 (Yoast SEO v27.5) - https:\/\/yoast.com\/product\/yoast-seo-premium-wordpress\/ -->\n<title>Cuevas del Walichu City Tour- Glaciar Turismo<\/title>\n<meta name=\"description\" content=\"Cuevas del Walichu City Tour. Arqueolog\u00eda, historia, paisajes, paleontolog\u00eda, junto al gu\u00eda descubra El Calafate. Podr\u00e1 contratar un...\" \/>\n<meta name=\"robots\" content=\"index, follow, max-snippet:-1, max-image-preview:large, max-video-preview:-1\" \/>\n<link rel=\"canonical\" href=\"https:\/\/glaciarturismo.com\/es\/excursiones\/cuevas-de-walichu\/\" \/>\n<meta property=\"og:type\" content=\"article\" \/>\n<meta property=\"og:title\" content=\"Cuevas de Walichu City Tour\" \/>\n<meta property=\"og:description\" content=\"Cuevas del Walichu City Tour. Arqueolog\u00eda, historia, paisajes, paleontolog\u00eda, junto al gu\u00eda descubra El Calafate. Podr\u00e1 contratar un...\" \/>\n<meta property=\"og:url\" content=\"https:\/\/glaciarturismo.com\/es\/excursiones\/cuevas-de-walichu\/\" \/>\n<meta property=\"og:site_name\" content=\"Glaciar Turismo\" \/>\n<meta property=\"article:publisher\" content=\"https:\/\/www.facebook.com\/Glaciarturismo\/\" \/>\n<meta property=\"article:modified_time\" content=\"2025-10-04T22:38:23+00:00\" \/>\n<meta property=\"og:image\" content=\"https:\/\/glaciarturismo.com\/wp-content\/uploads\/2023\/10\/Principal_600x600.jpg\" \/>\n\t<meta property=\"og:image:width\" content=\"600\" \/>\n\t<meta property=\"og:image:height\" content=\"600\" \/>\n\t<meta property=\"og:image:type\" content=\"image\/jpeg\" \/>\n<meta name=\"twitter:card\" content=\"summary_large_image\" \/>\n<meta name=\"twitter:label1\" content=\"Tiempo de lectura\" \/>\n\t<meta name=\"twitter:data1\" content=\"8 minutos\" \/>\n<script type=\"application\/ld+json\" class=\"yoast-schema-graph\">{\"@context\":\"https:\\\/\\\/schema.org\",\"@graph\":[{\"@type\":\"WebPage\",\"@id\":\"https:\\\/\\\/glaciarturismo.com\\\/es\\\/excursiones\\\/cuevas-de-walichu\\\/\",\"url\":\"https:\\\/\\\/glaciarturismo.com\\\/es\\\/excursiones\\\/cuevas-de-walichu\\\/\",\"name\":\"Cuevas del Walichu City Tour- Glaciar Turismo\",\"isPartOf\":{\"@id\":\"https:\\\/\\\/glaciarturismo.com\\\/#website\"},\"primaryImageOfPage\":{\"@id\":\"https:\\\/\\\/glaciarturismo.com\\\/es\\\/excursiones\\\/cuevas-de-walichu\\\/#primaryimage\"},\"image\":{\"@id\":\"https:\\\/\\\/glaciarturismo.com\\\/es\\\/excursiones\\\/cuevas-de-walichu\\\/#primaryimage\"},\"thumbnailUrl\":\"https:\\\/\\\/glaciarturismo.com\\\/wp-content\\\/uploads\\\/2024\\\/03\\\/Principal_600x600.webp\",\"datePublished\":\"2024-03-08T11:55:45+00:00\",\"dateModified\":\"2025-10-04T22:38:23+00:00\",\"description\":\"Cuevas del Walichu City Tour. Arqueolog\u00eda, historia, paisajes, paleontolog\u00eda, junto al gu\u00eda descubra El Calafate. Podr\u00e1 contratar un...\",\"breadcrumb\":{\"@id\":\"https:\\\/\\\/glaciarturismo.com\\\/es\\\/excursiones\\\/cuevas-de-walichu\\\/#breadcrumb\"},\"inLanguage\":\"es\",\"potentialAction\":[{\"@type\":\"ReadAction\",\"target\":[\"https:\\\/\\\/glaciarturismo.com\\\/es\\\/excursiones\\\/cuevas-de-walichu\\\/\"]}]},{\"@type\":\"ImageObject\",\"inLanguage\":\"es\",\"@id\":\"https:\\\/\\\/glaciarturismo.com\\\/es\\\/excursiones\\\/cuevas-de-walichu\\\/#primaryimage\",\"url\":\"https:\\\/\\\/glaciarturismo.com\\\/wp-content\\\/uploads\\\/2024\\\/03\\\/Principal_600x600.webp\",\"contentUrl\":\"https:\\\/\\\/glaciarturismo.com\\\/wp-content\\\/uploads\\\/2024\\\/03\\\/Principal_600x600.webp\",\"width\":600,\"height\":600},{\"@type\":\"BreadcrumbList\",\"@id\":\"https:\\\/\\\/glaciarturismo.com\\\/es\\\/excursiones\\\/cuevas-de-walichu\\\/#breadcrumb\",\"itemListElement\":[{\"@type\":\"ListItem\",\"position\":1,\"name\":\"Portada\",\"item\":\"https:\\\/\\\/glaciarturismo.com\\\/es\\\/\"},{\"@type\":\"ListItem\",\"position\":2,\"name\":\"Excursiones\",\"item\":\"https:\\\/\\\/glaciarturismo.com\\\/excursiones\\\/\"},{\"@type\":\"ListItem\",\"position\":3,\"name\":\"Cuevas de Walichu City Tour\"}]},{\"@type\":\"WebSite\",\"@id\":\"https:\\\/\\\/glaciarturismo.com\\\/#website\",\"url\":\"https:\\\/\\\/glaciarturismo.com\\\/\",\"name\":\"Glaciar Turismo\",\"description\":\"Agencia de Turismo en El Calafate\",\"publisher\":{\"@id\":\"https:\\\/\\\/glaciarturismo.com\\\/#organization\"},\"potentialAction\":[{\"@type\":\"SearchAction\",\"target\":{\"@type\":\"EntryPoint\",\"urlTemplate\":\"https:\\\/\\\/glaciarturismo.com\\\/?s={search_term_string}\"},\"query-input\":{\"@type\":\"PropertyValueSpecification\",\"valueRequired\":true,\"valueName\":\"search_term_string\"}}],\"inLanguage\":\"es\"},{\"@type\":\"Organization\",\"@id\":\"https:\\\/\\\/glaciarturismo.com\\\/#organization\",\"name\":\"Glaciar Turismo\",\"url\":\"https:\\\/\\\/glaciarturismo.com\\\/\",\"logo\":{\"@type\":\"ImageObject\",\"inLanguage\":\"es\",\"@id\":\"https:\\\/\\\/glaciarturismo.com\\\/#\\\/schema\\\/logo\\\/image\\\/\",\"url\":\"https:\\\/\\\/glaciarturismo.com\\\/wp-content\\\/uploads\\\/2025\\\/12\\\/logogt400-1.webp\",\"contentUrl\":\"https:\\\/\\\/glaciarturismo.com\\\/wp-content\\\/uploads\\\/2025\\\/12\\\/logogt400-1.webp\",\"width\":400,\"height\":126,\"caption\":\"Glaciar Turismo\"},\"image\":{\"@id\":\"https:\\\/\\\/glaciarturismo.com\\\/#\\\/schema\\\/logo\\\/image\\\/\"},\"sameAs\":[\"https:\\\/\\\/www.facebook.com\\\/Glaciarturismo\\\/\",\"https:\\\/\\\/www.instagram.com\\\/glaciarturismo?igshid=YmMyMTA2M2Y\"]}]}<\/script>\n<!-- \/ Yoast SEO Premium plugin. -->","yoast_head_json":{"title":"Cuevas del Walichu City Tour- Glaciar Turismo","description":"Cuevas del Walichu City Tour. Arqueolog\u00eda, historia, paisajes, paleontolog\u00eda, junto al gu\u00eda descubra El Calafate. Podr\u00e1 contratar un...","robots":{"index":"index","follow":"follow","max-snippet":"max-snippet:-1","max-image-preview":"max-image-preview:large","max-video-preview":"max-video-preview:-1"},"canonical":"https:\/\/glaciarturismo.com\/es\/excursiones\/cuevas-de-walichu\/","og_type":"article","og_title":"Cuevas de Walichu City Tour","og_description":"Cuevas del Walichu City Tour. Arqueolog\u00eda, historia, paisajes, paleontolog\u00eda, junto al gu\u00eda descubra El Calafate. Podr\u00e1 contratar un...","og_url":"https:\/\/glaciarturismo.com\/es\/excursiones\/cuevas-de-walichu\/","og_site_name":"Glaciar Turismo","article_publisher":"https:\/\/www.facebook.com\/Glaciarturismo\/","article_modified_time":"2025-10-04T22:38:23+00:00","og_image":[{"width":600,"height":600,"url":"https:\/\/glaciarturismo.com\/wp-content\/uploads\/2023\/10\/Principal_600x600.jpg","type":"image\/jpeg"}],"twitter_card":"summary_large_image","twitter_misc":{"Tiempo de lectura":"8 minutos"},"schema":{"@context":"https:\/\/schema.org","@graph":[{"@type":"WebPage","@id":"https:\/\/glaciarturismo.com\/es\/excursiones\/cuevas-de-walichu\/","url":"https:\/\/glaciarturismo.com\/es\/excursiones\/cuevas-de-walichu\/","name":"Cuevas del Walichu City Tour- Glaciar Turismo","isPartOf":{"@id":"https:\/\/glaciarturismo.com\/#website"},"primaryImageOfPage":{"@id":"https:\/\/glaciarturismo.com\/es\/excursiones\/cuevas-de-walichu\/#primaryimage"},"image":{"@id":"https:\/\/glaciarturismo.com\/es\/excursiones\/cuevas-de-walichu\/#primaryimage"},"thumbnailUrl":"https:\/\/glaciarturismo.com\/wp-content\/uploads\/2024\/03\/Principal_600x600.webp","datePublished":"2024-03-08T11:55:45+00:00","dateModified":"2025-10-04T22:38:23+00:00","description":"Cuevas del Walichu City Tour. Arqueolog\u00eda, historia, paisajes, paleontolog\u00eda, junto al gu\u00eda descubra El Calafate. Podr\u00e1 contratar un...","breadcrumb":{"@id":"https:\/\/glaciarturismo.com\/es\/excursiones\/cuevas-de-walichu\/#breadcrumb"},"inLanguage":"es","potentialAction":[{"@type":"ReadAction","target":["https:\/\/glaciarturismo.com\/es\/excursiones\/cuevas-de-walichu\/"]}]},{"@type":"ImageObject","inLanguage":"es","@id":"https:\/\/glaciarturismo.com\/es\/excursiones\/cuevas-de-walichu\/#primaryimage","url":"https:\/\/glaciarturismo.com\/wp-content\/uploads\/2024\/03\/Principal_600x600.webp","contentUrl":"https:\/\/glaciarturismo.com\/wp-content\/uploads\/2024\/03\/Principal_600x600.webp","width":600,"height":600},{"@type":"BreadcrumbList","@id":"https:\/\/glaciarturismo.com\/es\/excursiones\/cuevas-de-walichu\/#breadcrumb","itemListElement":[{"@type":"ListItem","position":1,"name":"Portada","item":"https:\/\/glaciarturismo.com\/es\/"},{"@type":"ListItem","position":2,"name":"Excursiones","item":"https:\/\/glaciarturismo.com\/excursiones\/"},{"@type":"ListItem","position":3,"name":"Cuevas de Walichu City Tour"}]},{"@type":"WebSite","@id":"https:\/\/glaciarturismo.com\/#website","url":"https:\/\/glaciarturismo.com\/","name":"Glaciar Turismo","description":"Agencia de Turismo en El Calafate","publisher":{"@id":"https:\/\/glaciarturismo.com\/#organization"},"potentialAction":[{"@type":"SearchAction","target":{"@type":"EntryPoint","urlTemplate":"https:\/\/glaciarturismo.com\/?s={search_term_string}"},"query-input":{"@type":"PropertyValueSpecification","valueRequired":true,"valueName":"search_term_string"}}],"inLanguage":"es"},{"@type":"Organization","@id":"https:\/\/glaciarturismo.com\/#organization","name":"Glaciar Turismo","url":"https:\/\/glaciarturismo.com\/","logo":{"@type":"ImageObject","inLanguage":"es","@id":"https:\/\/glaciarturismo.com\/#\/schema\/logo\/image\/","url":"https:\/\/glaciarturismo.com\/wp-content\/uploads\/2025\/12\/logogt400-1.webp","contentUrl":"https:\/\/glaciarturismo.com\/wp-content\/uploads\/2025\/12\/logogt400-1.webp","width":400,"height":126,"caption":"Glaciar Turismo"},"image":{"@id":"https:\/\/glaciarturismo.com\/#\/schema\/logo\/image\/"},"sameAs":["https:\/\/www.facebook.com\/Glaciarturismo\/","https:\/\/www.instagram.com\/glaciarturismo?igshid=YmMyMTA2M2Y"]}]}},"_links":{"self":[{"href":"https:\/\/glaciarturismo.com\/es\/wp-json\/wp\/v2\/portfolio\/6879","targetHints":{"allow":["GET"]}}],"collection":[{"href":"https:\/\/glaciarturismo.com\/es\/wp-json\/wp\/v2\/portfolio"}],"about":[{"href":"https:\/\/glaciarturismo.com\/es\/wp-json\/wp\/v2\/types\/portfolio"}],"replies":[{"embeddable":true,"href":"https:\/\/glaciarturismo.com\/es\/wp-json\/wp\/v2\/comments?post=6879"}],"version-history":[{"count":0,"href":"https:\/\/glaciarturismo.com\/es\/wp-json\/wp\/v2\/portfolio\/6879\/revisions"}],"wp:featuredmedia":[{"embeddable":true,"href":"https:\/\/glaciarturismo.com\/es\/wp-json\/wp\/v2\/media\/12668"}],"wp:attachment":[{"href":"https:\/\/glaciarturismo.com\/es\/wp-json\/wp\/v2\/media?parent=6879"}],"wp:term":[{"taxonomy":"portfolio_cat","embeddable":true,"href":"https:\/\/glaciarturismo.com\/es\/wp-json\/wp\/v2\/portfolio_cat?post=6879"},{"taxonomy":"portfolio_skills","embeddable":true,"href":"https:\/\/glaciarturismo.com\/es\/wp-json\/wp\/v2\/portfolio_skills?post=6879"}],"curies":[{"name":"wp","href":"https:\/\/api.w.org\/{rel}","templated":true}]}}